{"version":"1.0","provider_name":"Le blog d\u00e9co de Made in Meubles","provider_url":"https:\/\/www.made-in-meubles.com\/blog","author_name":"Maxime Vanderschaegh","author_url":"https:\/\/www.made-in-meubles.com\/blog\/author\/maxime\/","title":"Comment d\u00e9corer votre espace professionnel ?","type":"rich","width":600,"height":338,"html":"<blockquote class=\"wp-embedded-content\" data-secret=\"IsolGbSzX4\"><a href=\"https:\/\/www.made-in-meubles.com\/blog\/decorez-espace-professionnels\/\">Comment d\u00e9corer votre espace professionnel ?<\/a><\/blockquote><iframe sandbox=\"allow-scripts\" security=\"restricted\" src=\"https:\/\/www.made-in-meubles.com\/blog\/decorez-espace-professionnels\/embed\/#?secret=IsolGbSzX4\" width=\"600\" height=\"338\" title=\"\u00ab\u00a0Comment d\u00e9corer votre espace professionnel ?\u00a0\u00bb &#8212; Le blog d\u00e9co de Made in Meubles\" data-secret=\"IsolGbSzX4\" frameborder=\"0\" marginwidth=\"0\" marginheight=\"0\" scrolling=\"no\" class=\"wp-embedded-content\"><\/iframe><script type=\"text\/javascript\">\n\/*! This file is auto-generated *\/\n!function(d,l){\"use strict\";var e=!1,o=!1;if(l.querySelector)if(d.addEventListener)e=!0;if(d.wp=d.wp||{},!d.wp.receiveEmbedMessage)if(d.wp.receiveEmbedMessage=function(e){var t=e.data;if(t)if(t.secret||t.message||t.value)if(!\/[^a-zA-Z0-9]\/.test(t.secret)){for(var r,a,i,s=l.querySelectorAll('iframe[data-secret=\"'+t.secret+'\"]'),n=l.querySelectorAll('blockquote[data-secret=\"'+t.secret+'\"]'),o=new RegExp(\"^https?:$\",\"i\"),c=0;c<n.length;c++)n[c].style.display=\"none\";for(c=0;c<s.length;c++)if(r=s[c],e.source===r.contentWindow){if(r.removeAttribute(\"style\"),\"height\"===t.message){if(1e3<(i=parseInt(t.value,10)))i=1e3;else if(~~i<200)i=200;r.height=i}if(\"link\"===t.message)if(a=l.createElement(\"a\"),i=l.createElement(\"a\"),a.href=r.getAttribute(\"src\"),i.href=t.value,o.test(i.protocol))if(i.host===a.host)if(l.activeElement===r)d.top.location.href=t.value}}},e)d.addEventListener(\"message\",d.wp.receiveEmbedMessage,!1),l.addEventListener(\"DOMContentLoaded\",t,!1),d.addEventListener(\"load\",t,!1);function t(){if(!o){o=!0;for(var e,t,r,a=-1!==navigator.appVersion.indexOf(\"MSIE 10\"),i=!!navigator.userAgent.match(\/Trident.*rv:11\\.\/),s=l.querySelectorAll(\"iframe.wp-embedded-content\"),n=0;n<s.length;n++){if(!(r=(t=s[n]).getAttribute(\"data-secret\")))r=Math.random().toString(36).substr(2,10),t.src+=\"#?secret=\"+r,t.setAttribute(\"data-secret\",r);if(a||i)(e=t.cloneNode(!0)).removeAttribute(\"security\"),t.parentNode.replaceChild(e,t);t.contentWindow.postMessage({message:\"ready\",secret:r},\"*\")}}}}(window,document);\n<\/script>\n","thumbnail_url":"https:\/\/www.made-in-meubles.com\/blog\/wp-content\/uploads\/2023\/11\/J51NA-meuble-sdb-ambiance-client-1.jpg","thumbnail_width":1200,"thumbnail_height":1200,"description":"Il est important de se sentir bien dans son environnement de travail. Toute entreprise qui d\u00e9sire le bien-\u00eatre de ses employ\u00e9s doit consacrer un peu de temps et de ressources pour la d\u00e9coration de leurs locaux. Les espaces professionnels agr\u00e9ables, styl\u00e9s et confortables favorisent une meilleure productivit\u00e9 et cr\u00e9ativit\u00e9. Dans cet article, nous allons vous donner quelques id\u00e9es et astuces pour d\u00e9corer votre espace professionnel. De plus, un espace bien d\u00e9cor\u00e9 ne peut qu\u2019attirer la client\u00e8le !"}